{"id":596,"date":"2014-06-18T12:01:46","date_gmt":"2014-06-18T10:01:46","guid":{"rendered":"http:\/\/semanatarrega.com\/?page_id=596"},"modified":"2020-12-05T01:48:15","modified_gmt":"2020-12-04T23:48:15","slug":"ana-archiles","status":"publish","type":"page","link":"http:\/\/semanatarrega.com\/en\/ana-archiles\/","title":{"rendered":"Ana Archil\u00e9s"},"content":{"rendered":"<div data-elementor-type=\"wp-page\" data-elementor-id=\"596\" class=\"elementor elementor-596\">\n\t\t\t\t\t\t<section class=\"elementor-section elementor-top-section elementor-element elementor-element-c50838b elementor-section-boxed elementor-section-height-default elementor-section-height-default\" data-id=\"c50838b\" data-element_type=\"section\" data-settings=\"{&quot;background_background&quot;:&quot;classic&quot;}\">\n\t\t\t\t\t\t\t<div class=\"elementor-background-overlay\"><\/div>\n\t\t\t\t\t\t\t<div class=\"elementor-container elementor-column-gap-default\">\n\t\t\t\t\t<div class=\"elementor-column elementor-col-50 elementor-top-column elementor-element elementor-element-55b0429\" data-id=\"55b0429\" data-element_type=\"column\">\n\t\t\t<div class=\"elementor-widget-wrap elementor-element-populated\">\n\t\t\t\t\t\t<div class=\"elementor-element elementor-element-453e782 elementor-widget elementor-widget-heading\" data-id=\"453e782\" data-element_type=\"widget\" data-widget_type=\"heading.default\">\n\t\t\t\t<div class=\"elementor-widget-container\">\n\t\t\t\t\t<h1 class=\"elementor-heading-title elementor-size-default\">Ana mar\u00eda Archil\u00e9s<\/h1>\t\t\t\t<\/div>\n\t\t\t\t<\/div>\n\t\t\t\t\t<\/div>\n\t\t<\/div>\n\t\t\t\t<div class=\"elementor-column elementor-col-50 elementor-top-column elementor-element elementor-element-79b148e\" data-id=\"79b148e\" data-element_type=\"column\">\n\t\t\t<div class=\"elementor-widget-wrap elementor-element-populated\">\n\t\t\t\t\t\t<div class=\"elementor-element elementor-element-f5318b0 elementor-widget elementor-widget-image\" data-id=\"f5318b0\" data-element_type=\"widget\" data-widget_type=\"image.default\">\n\t\t\t\t<div class=\"elementor-widget-container\">\n\t\t\t\t\t\t\t\t\t\t\t\t\t\t\t<img fetchpriority=\"high\" decoding=\"async\" width=\"1024\" height=\"1024\" src=\"http:\/\/semanatarrega.com\/wp-content\/uploads\/2020\/12\/Ana-Archiles-03-1024x1024.png\" class=\"attachment-large size-large wp-image-3106\" alt=\"\" srcset=\"http:\/\/semanatarrega.com\/wp-content\/uploads\/2020\/12\/Ana-Archiles-03-1024x1024.png 1024w, http:\/\/semanatarrega.com\/wp-content\/uploads\/2020\/12\/Ana-Archiles-03-300x300.png 300w, http:\/\/semanatarrega.com\/wp-content\/uploads\/2020\/12\/Ana-Archiles-03-150x150.png 150w, http:\/\/semanatarrega.com\/wp-content\/uploads\/2020\/12\/Ana-Archiles-03-768x768.png 768w, http:\/\/semanatarrega.com\/wp-content\/uploads\/2020\/12\/Ana-Archiles-03-600x600.png 600w, http:\/\/semanatarrega.com\/wp-content\/uploads\/2020\/12\/Ana-Archiles-03-100x100.png 100w, http:\/\/semanatarrega.com\/wp-content\/uploads\/2020\/12\/Ana-Archiles-03.png 1080w\" sizes=\"(max-width: 1024px) 100vw, 1024px\" \/>\t\t\t\t\t\t\t\t\t\t\t\t\t\t\t<\/div>\n\t\t\t\t<\/div>\n\t\t\t\t\t<\/div>\n\t\t<\/div>\n\t\t\t\t\t<\/div>\n\t\t<\/section>\n\t\t\t\t<section class=\"elementor-section elementor-top-section elementor-element elementor-element-594410bb elementor-section-boxed elementor-section-height-default elementor-section-height-default\" data-id=\"594410bb\" data-element_type=\"section\">\n\t\t\t\t\t\t<div class=\"elementor-container elementor-column-gap-default\">\n\t\t\t\t\t<div class=\"elementor-column elementor-col-100 elementor-top-column elementor-element elementor-element-3c4e0f00\" data-id=\"3c4e0f00\" data-element_type=\"column\">\n\t\t\t<div class=\"elementor-widget-wrap elementor-element-populated\">\n\t\t\t\t\t\t<div class=\"elementor-element elementor-element-7551334d elementor-widget elementor-widget-text-editor\" data-id=\"7551334d\" data-element_type=\"widget\" data-widget_type=\"text-editor.default\">\n\t\t\t\t<div class=\"elementor-widget-container\">\n\t\t\t\t\t\t\t\t\t<p style=\"text-align: justify;\">Ana Mar\u00eda Archil\u00e9s Valls, natural de Almazora, empieza sus estudios musicales en su ciudad natal a la temprana edad de seis a\u00f1os destacando desde un principio su gran facilidad y entusiasmo por la guitarra cl\u00e1sica. A los once a\u00f1os de edad ingresa en el Conservatorio \u201cMestre T\u00e1rrega\u201d de Castell\u00f3n donde realiza todo el grado medio con las m\u00e1ximas calificaciones siendo su profesor Manuel Babiloni Campos. Completa sus estudios superiores en el conservatorio \u201cJoaqu\u00edn Rodrigo\u201d de Valencia bajo la tutela de la catedr\u00e1tica Rosa Gil Bosque, obteniendo matr\u00edcula de honor y menci\u00f3n honor\u00edfica final de carrera. Paralelamente realiza la diplomatura de Graduado Social en la universidad Jaime I de Castell\u00f3n. Amplia su formaci\u00f3n con cursos de alto perfeccionamiento y maestros de la talla de David Russell, Jos\u00e9 Tom\u00e1s, Jos\u00e9 Luis Gonz\u00e1lez, Leo Brouwer, Carles Trepat y Oscar Ghiglia -este \u00faltimo, alumno predilecto de Andr\u00e9s Segovia-.<\/p>\n<p style=\"text-align: justify;\">Es admitida como alumna oficial del Konservatorium der Stadt Basel tras pasar unas pruebas a las que se presentaron guitarristas de todo el mundo, teniendo el privilegio de conseguir una de las dos plazas ofertadas. Tras tres a\u00f1os de estudios obtiene el t\u00edtulo de Konzert diplom con sobresaliente. El verano del a\u00f1o 2000 fue seleccionada para estudiar en la \u201cAccademia Musicale Chigiana di Siena\u201d ( Italia) donde imparten sus clases maestros de gran prestigio en diversas asignaturas musicales. Consigue el \u201cDiploma de m\u00e9rito\u201d de la academia as\u00ed como la bolsa de estudios.<\/p>\n<p style=\"text-align: justify;\">Ana realiza su primera actuaci\u00f3n en p\u00fablico a la edad de nueve a\u00f1os. A partir de ah\u00ed los conciertos se han ido sucediendo empezando en la provincia de Castell\u00f3n y siguiendo por diversos puntos de la geograf\u00eda espa\u00f1ola, Italia, Suiza, Francia, Portugal y Jap\u00f3n. Miembro de la orquesta de pulso y p\u00faa Francisco T\u00e1rrega de Vilareal desde el a\u00f1o 1989 ha participado con ellos tanto de guitarra solista como de bandurria primera. Tambi\u00e9n ha formado d\u00fao con\u00a0 la flautista Mari Carmen Fuentes, la pianista Isabel Pellicer, la obo\u00edsta Encarna Monz\u00f3, el chelista Nicole Frei y las sopranos Gemma Roig y Manuela Mu\u00f1oz.<\/p>\n<p style=\"text-align: justify;\">Entre los conciertos que ha realizado destaca:<\/p>\n<ul style=\"text-align: justify;\">\n<li>D\u00eda Internacional de T\u00e1rrega ( Vila-real ).<\/li>\n<li>III Memorial T\u00e1rrega-Fortea.<\/li>\n<li>I Encuentro Musical de Maestros Artesanos de la Guitarra ( Valencia ).<\/li>\n<li>Presentaci\u00f3n del libro de V\u00edctor V\u00e1zquez Bayarri \u201cYo te ense\u00f1ar\u00e9 los colores\u201d inspirado en la vida y obra de F. T\u00e1rrega.<\/li>\n<li>Charla y concierto \u201cVida y obra de F. T\u00e1rrega\u201d ( Ontinyent,Sueca,Almassora).<\/li>\n<li>Conciertos dentro del IX Festival Cultural Nacional de Mie\u201994 ( Jap\u00f3n ).<\/li>\n<li>Gira de conciertos en las Islas Madeira ( julio\u201995 ), Santarem,Samoia Correia,(marzo\u201996 ).<\/li>\n<li>Concierto para la sociedad \u201cAmigos de la guitarra\u201d de Valencia.<\/li>\n<li>Concierto \u201cDones en concert\u201d en el Teatro del Raval.<\/li>\n<li>Recital junto a su maestro Oscar Ghiglia en el Teatro Principal de Castell\u00f3n.<\/li>\n<li>Concierto en el Teatro municipal de Benicasim patrocinado por la Fundaci\u00f3n D\u00e1valos Fletcher.<\/li>\n<li>Festival de guitarra Ciudad de Monz\u00f3n (Huesca ).<\/li>\n<li>Concierto en el Festival de Les Arcs ( Francia ).<\/li>\n<li>Participaci\u00f3n en el acto de entrega de los premios Jaime I con la asistencia de catorce Premios Nobel as\u00ed como grandes personalidades de la pol\u00edtica y sociedad como el doctor Zurita, Santiago Grisol\u00eda, Manuel Taranc\u00f3n, Joaqu\u00edn Farnos\u2026<\/li>\n<li>Dentro del a\u00f1o Joaqu\u00edn Rodrigo interpreta el Concierto de Aranjuez para orquesta y guitarra solista junto a la orquesta del conservatorio de La Vall d\u2019Uix\u00f3 y la Orquesta del Ampurd\u00e1n.<\/li>\n<li>Conciertos en varias ocasiones para colaborar en actos ben\u00e9ficos como la Asociaci\u00f3n contra el C\u00e1ncer.<\/li>\n<li>Conciertos junto al cuarteto Gregal en el Teatro de Almansa, Teatro de Alcira, Jard\u00edn Bot\u00e1nico de Valencia, Teatro de Bu\u00f1ol y\u00a0 Auditorio de Onda.<\/li>\n<li>Concierto como guitarra solista y con el flautista Francesco Mannis en el Festival \u201cMorella Sonora\u201d.<\/li>\n<li>Gira de conciertos en el Festival Internacional de M\u00fasica Cl\u00e1sica de Costa Rica.<\/li>\n<\/ul>\n<p style=\"text-align: justify;\">Dentro de los premios y distinciones que ha recibido destaca:<\/p>\n<ul style=\"text-align: justify;\">\n<li>Beca \u201cD\u00e1valos Fletcher\u201d que se concede de forma anual a un solo m\u00fasico.<\/li>\n<li>Beca Balaguer Gonel .<\/li>\n<li>Beca de la Generalitat Valenciana par el perfeccionamiento de j\u00f3venes m\u00fasicos siendo la \u00fanica guitarrista becada en toda la Comunidad Valenciana y estando como presidente del jurado Manuel Galduf.<\/li>\n<li>Primer premio en el concurso para j\u00f3venes Francisco T\u00e1rrega.<\/li>\n<li>Semifinalista en el Concurso Internacional de guitarra \u201cCitt\u00e0 di Gargnano\u201d ( Italia ).<\/li>\n<li>Premio Ateneo de Castell\u00f3n como alumna distinguida del conservatorio.<\/li>\n<\/ul>\n<p style=\"text-align: justify;\">Ha grabado el CD \u201cHomenatges\u201d junto al prestigioso cuarteto Dubhe y el CD con m\u00fasica para guitarra del compositor Rafael Beltr\u00e1n Moner, siendo una de las piezas, \u201dRecordances\u201d, dedicada y compuesta\u00a0 como reza en su t\u00edtulo para \u201cla eminente guitarrista Ana Mar\u00eda Archil\u00e9s\u201d.<\/p>\n<p style=\"text-align: justify;\">En su labor docente ha sido profesora de los conservatorios de La Vall d\u2019Uix\u00f3,Castell\u00f3n,Onteniente y Carcaixent. En la actualidad es profesora en el Conservatorio Profesional de Castell\u00f3n y de 1992 hasta 2007 fue profesora en el Centro de estudios Musicales de Onda .<\/p>\n<p><\/p>\n<p><\/p>\t\t\t\t\t\t\t\t<\/div>\n\t\t\t\t<\/div>\n\t\t\t\t\t<\/div>\n\t\t<\/div>\n\t\t\t\t\t<\/div>\n\t\t<\/section>\n\t\t\t\t<\/div>","protected":false},"excerpt":{"rendered":"<p>Ana mar\u00eda Archil\u00e9s Ana Mar\u00eda Archil\u00e9s Valls, natural de Almazora, empieza sus estudios musicales en su ciudad natal a la temprana edad de seis a\u00f1os destacando desde un principio su gran facilidad y entusiasmo por la guitarra cl\u00e1sica. A los once a\u00f1os de edad ingresa en el Conservatorio \u201cMestre T\u00e1rrega\u201d de Castell\u00f3n donde realiza todo [&hellip;]<\/p>","protected":false},"author":1,"featured_media":0,"parent":0,"menu_order":0,"comment_status":"closed","ping_status":"closed","template":"","meta":{"site-sidebar-layout":"no-sidebar","site-content-layout":"default","ast-site-content-layout":"default","site-content-style":"default","site-sidebar-style":"default","ast-global-header-display":"","ast-banner-title-visibility":"","ast-main-header-display":"","ast-hfb-above-header-display":"","ast-hfb-below-header-display":"","ast-hfb-mobile-header-display":"","site-post-title":"disabled","ast-breadcrumbs-content":"","ast-featured-img":"","footer-sml-layout":"","ast-disable-related-posts":"","theme-transparent-header-meta":"default","adv-header-id-meta":"","stick-header-meta":"","header-above-stick-meta":"","header-main-stick-meta":"","header-below-stick-meta":"","astra-migrate-meta-layouts":"default","ast-page-background-enabled":"default","ast-page-background-meta":{"desktop":{"background-color":"","background-image":"","background-repeat":"repeat","background-position":"center center","background-size":"auto","background-attachment":"scroll","background-type":"","background-media":"","overlay-type":"","overlay-color":"","overlay-opacity":"","overlay-gradient":""},"tablet":{"background-color":"","background-image":"","background-repeat":"repeat","background-position":"center center","background-size":"auto","background-attachment":"scroll","background-type":"","background-media":"","overlay-type":"","overlay-color":"","overlay-opacity":"","overlay-gradient":""},"mobile":{"background-color":"","background-image":"","background-repeat":"repeat","background-position":"center center","background-size":"auto","background-attachment":"scroll","background-type":"","background-media":"","overlay-type":"","overlay-color":"","overlay-opacity":"","overlay-gradient":""}},"ast-content-background-meta":{"desktop":{"background-color":"var(--ast-global-color-5)","background-image":"","background-repeat":"repeat","background-position":"center center","background-size":"auto","background-attachment":"scroll","background-type":"","background-media":"","overlay-type":"","overlay-color":"","overlay-opacity":"","overlay-gradient":""},"tablet":{"background-color":"var(--ast-global-color-5)","background-image":"","background-repeat":"repeat","background-position":"center center","background-size":"auto","background-attachment":"scroll","background-type":"","background-media":"","overlay-type":"","overlay-color":"","overlay-opacity":"","overlay-gradient":""},"mobile":{"background-color":"var(--ast-global-color-5)","background-image":"","background-repeat":"repeat","background-position":"center center","background-size":"auto","background-attachment":"scroll","background-type":"","background-media":"","overlay-type":"","overlay-color":"","overlay-opacity":"","overlay-gradient":""}},"footnotes":""},"class_list":["post-596","page","type-page","status-publish","hentry"],"_links":{"self":[{"href":"http:\/\/semanatarrega.com\/en\/wp-json\/wp\/v2\/pages\/596","targetHints":{"allow":["GET"]}}],"collection":[{"href":"http:\/\/semanatarrega.com\/en\/wp-json\/wp\/v2\/pages"}],"about":[{"href":"http:\/\/semanatarrega.com\/en\/wp-json\/wp\/v2\/types\/page"}],"author":[{"embeddable":true,"href":"http:\/\/semanatarrega.com\/en\/wp-json\/wp\/v2\/users\/1"}],"replies":[{"embeddable":true,"href":"http:\/\/semanatarrega.com\/en\/wp-json\/wp\/v2\/comments?post=596"}],"version-history":[{"count":15,"href":"http:\/\/semanatarrega.com\/en\/wp-json\/wp\/v2\/pages\/596\/revisions"}],"predecessor-version":[{"id":3110,"href":"http:\/\/semanatarrega.com\/en\/wp-json\/wp\/v2\/pages\/596\/revisions\/3110"}],"wp:attachment":[{"href":"http:\/\/semanatarrega.com\/en\/wp-json\/wp\/v2\/media?parent=596"}],"curies":[{"name":"wp","href":"https:\/\/api.w.org\/{rel}","templated":true}]}}