{"id":6511,"date":"2025-12-10T16:43:12","date_gmt":"2025-12-10T14:43:12","guid":{"rendered":"https:\/\/semanatarrega.com\/?page_id=6511"},"modified":"2025-12-10T16:47:53","modified_gmt":"2025-12-10T14:47:53","slug":"fabricio-eyler","status":"publish","type":"page","link":"https:\/\/semanatarrega.com\/en\/fabricio-eyler\/","title":{"rendered":"Fabricio Eyler"},"content":{"rendered":"<div data-elementor-type=\"wp-page\" data-elementor-id=\"6511\" class=\"elementor elementor-6511\">\n\t\t\t\t\t\t<section class=\"elementor-section elementor-top-section elementor-element elementor-element-7523394 elementor-section-boxed elementor-section-height-default elementor-section-height-default\" data-id=\"7523394\" data-element_type=\"section\" data-settings=\"{&quot;background_background&quot;:&quot;classic&quot;}\">\n\t\t\t\t\t\t\t<div class=\"elementor-background-overlay\"><\/div>\n\t\t\t\t\t\t\t<div class=\"elementor-container elementor-column-gap-default\">\n\t\t\t\t\t<div class=\"elementor-column elementor-col-50 elementor-top-column elementor-element elementor-element-8d5ec74\" data-id=\"8d5ec74\" data-element_type=\"column\">\n\t\t\t<div class=\"elementor-widget-wrap elementor-element-populated\">\n\t\t\t\t\t\t<div class=\"elementor-element elementor-element-2f518340 elementor-widget elementor-widget-heading\" data-id=\"2f518340\" data-element_type=\"widget\" data-widget_type=\"heading.default\">\n\t\t\t\t<div class=\"elementor-widget-container\">\n\t\t\t\t\t<h1 class=\"elementor-heading-title elementor-size-default\">Fabricio Eyler<\/h1>\t\t\t\t<\/div>\n\t\t\t\t<\/div>\n\t\t\t\t\t<\/div>\n\t\t<\/div>\n\t\t\t\t<div class=\"elementor-column elementor-col-50 elementor-top-column elementor-element elementor-element-2673a099\" data-id=\"2673a099\" data-element_type=\"column\">\n\t\t\t<div class=\"elementor-widget-wrap elementor-element-populated\">\n\t\t\t\t\t\t<div class=\"elementor-element elementor-element-35f29663 elementor-widget elementor-widget-image\" data-id=\"35f29663\" data-element_type=\"widget\" data-widget_type=\"image.default\">\n\t\t\t\t<div class=\"elementor-widget-container\">\n\t\t\t\t\t\t\t\t\t\t\t\t\t\t\t<img fetchpriority=\"high\" decoding=\"async\" width=\"770\" height=\"770\" src=\"https:\/\/semanatarrega.com\/wp-content\/uploads\/2025\/12\/Fabricio-Eyler-e1765309952831.jpeg\" class=\"attachment-full size-full wp-image-6320\" alt=\"\" srcset=\"https:\/\/semanatarrega.com\/wp-content\/uploads\/2025\/12\/Fabricio-Eyler-e1765309952831.jpeg 770w, https:\/\/semanatarrega.com\/wp-content\/uploads\/2025\/12\/Fabricio-Eyler-e1765309952831-300x300.jpeg 300w, https:\/\/semanatarrega.com\/wp-content\/uploads\/2025\/12\/Fabricio-Eyler-e1765309952831-150x150.jpeg 150w, https:\/\/semanatarrega.com\/wp-content\/uploads\/2025\/12\/Fabricio-Eyler-e1765309952831-768x768.jpeg 768w, https:\/\/semanatarrega.com\/wp-content\/uploads\/2025\/12\/Fabricio-Eyler-e1765309952831-12x12.jpeg 12w, https:\/\/semanatarrega.com\/wp-content\/uploads\/2025\/12\/Fabricio-Eyler-e1765309952831-600x600.jpeg 600w, https:\/\/semanatarrega.com\/wp-content\/uploads\/2025\/12\/Fabricio-Eyler-e1765309952831-100x100.jpeg 100w\" sizes=\"(max-width: 770px) 100vw, 770px\" \/>\t\t\t\t\t\t\t\t\t\t\t\t\t\t\t<\/div>\n\t\t\t\t<\/div>\n\t\t\t\t\t<\/div>\n\t\t<\/div>\n\t\t\t\t\t<\/div>\n\t\t<\/section>\n\t\t\t\t<section class=\"elementor-section elementor-top-section elementor-element elementor-element-33155028 elementor-section-boxed elementor-section-height-default elementor-section-height-default\" data-id=\"33155028\" data-element_type=\"section\">\n\t\t\t\t\t\t<div class=\"elementor-container elementor-column-gap-default\">\n\t\t\t\t\t<div class=\"elementor-column elementor-col-100 elementor-top-column elementor-element elementor-element-15b7ce03\" data-id=\"15b7ce03\" data-element_type=\"column\">\n\t\t\t<div class=\"elementor-widget-wrap elementor-element-populated\">\n\t\t\t\t\t\t<div class=\"elementor-element elementor-element-1a3ff493 elementor-widget elementor-widget-text-editor\" data-id=\"1a3ff493\" data-element_type=\"widget\" data-widget_type=\"text-editor.default\">\n\t\t\t\t<div class=\"elementor-widget-container\">\n\t\t\t\t\t\t\t\t\t<p><em>[Biography in Spanish &#8211; English and Portuguese below]<\/em><\/p><p><span style=\"font-size: 16px;\">BIOGRAF\u00cdA EN ESPA\u00d1OL<\/span><\/p><p style=\"text-align: justify;\">Fabr\u00edcio Schlee Eyler es doctor en Literatura, Cultura y Contemporaneidad. Tiene una maestr\u00eda en M\u00fasica por la Universidad Federal de R\u00edo de Janeiro. Se gradu\u00f3 en M\u00fasica &#8211; Guitarra por la Universidad Federal de R\u00edo de Janeiro (2006) en la promoci\u00f3n del profesor Bartolomeu Wiese. Ha trabajado como profesor asistente\/suplente en la Escuela de M\u00fasica de la Universidad Federal de R\u00edo de Janeiro y como profesor asistente en el Centro Universitario IBMR. Es profesor de m\u00fasica en la Escuela Suizo-Brasile\u00f1a de Swiss International School. Tiene experiencia en las \u00e1reas de Arte, Cultura, Contemporaneidad y M\u00fasica.<\/p><p style=\"text-align: justify;\">&#8212;<\/p><p>BIOGRAPHY IN ENGLISH<\/p><p>Fabr\u00edcio Schlee Eyler holds a PhD in Literature, Culture and Contemporaneity. He has a Master&#8217;s degree in Music from the Federal University of Rio de Janeiro. He holds a Bachelor&#8217;s degree in Music &#8211; Guitar from the Federal University of Rio de Janeiro (2006) in the class of Professor Bartolomeu Wiese. He has worked as an Assistant\/Substitute Professor at the School of Music of the Federal University of Rio de Janeiro and as an Assistant Professor at the IBMR University Center. He is a music teacher at the Swiss-Brazilian School by Swiss International School. He has experience in the areas of Arts, Culture, Contemporaneity and Music.<\/p><p>&#8212;<\/p><p>BIOGRAFIA EM PORTUGU\u00caS<\/p><p>Fabr\u00edcio Schlee Eyler \u00e9 Doutor em Literatura, Cultura e Contemporaneidade. Mestre em M\u00fasica pela Universidade Federal do Rio de Janeiro. Possui gradua\u00e7\u00e3o em Bacharelado em Musica-Viol\u00e3o pela Universidade Federal do Rio de Janeiro (2006) na classe do professor Bartolomeu Wiese.. Atuou como professor Assistente\/Substituto da Escola de M\u00fasica da Universidade Federal do Rio de Janeiro e como Professor Assistente do Centro Universit\u00e1rio IBMR. \u00c9 professor de m\u00fasica da Escola Sui\u00e7o-Brasileira by Swiss International School Tem experi\u00eancia na \u00e1rea de Artes, Cultura, Contemporaneidade e Musica.<\/p>\t\t\t\t\t\t\t\t<\/div>\n\t\t\t\t<\/div>\n\t\t\t\t\t<\/div>\n\t\t<\/div>\n\t\t\t\t\t<\/div>\n\t\t<\/section>\n\t\t\t\t<\/div>","protected":false},"excerpt":{"rendered":"<p>Fabricio Eyler [Biography in Spanish &#8211; English and Portuguese below] BIOGRAF\u00cdA EN ESPA\u00d1OL Fabr\u00edcio Schlee Eyler es doctor en Literatura, Cultura y Contemporaneidad. Tiene una maestr\u00eda en M\u00fasica por la Universidad Federal de R\u00edo de Janeiro. Se gradu\u00f3 en M\u00fasica &#8211; Guitarra por la Universidad Federal de R\u00edo de Janeiro (2006) en la promoci\u00f3n del [&hellip;]<\/p>","protected":false},"author":1,"featured_media":0,"parent":0,"menu_order":0,"comment_status":"closed","ping_status":"closed","template":"","meta":{"site-sidebar-layout":"no-sidebar","site-content-layout":"page-builder","ast-site-content-layout":"full-width-container","site-content-style":"default","site-sidebar-style":"default","ast-global-header-display":"","ast-banner-title-visibility":"","ast-main-header-display":"","ast-hfb-above-header-display":"","ast-hfb-below-header-display":"","ast-hfb-mobile-header-display":"","site-post-title":"disabled","ast-breadcrumbs-content":"","ast-featured-img":"disabled","footer-sml-layout":"","ast-disable-related-posts":"","theme-transparent-header-meta":"","adv-header-id-meta":"","stick-header-meta":"","header-above-stick-meta":"","header-main-stick-meta":"","header-below-stick-meta":"","astra-migrate-meta-layouts":"set","ast-page-background-enabled":"default","ast-page-background-meta":{"desktop":{"background-color":"","background-image":"","background-repeat":"repeat","background-position":"center center","background-size":"auto","background-attachment":"scroll","background-type":"","background-media":"","overlay-type":"","overlay-color":"","overlay-opacity":"","overlay-gradient":""},"tablet":{"background-color":"","background-image":"","background-repeat":"repeat","background-position":"center center","background-size":"auto","background-attachment":"scroll","background-type":"","background-media":"","overlay-type":"","overlay-color":"","overlay-opacity":"","overlay-gradient":""},"mobile":{"background-color":"","background-image":"","background-repeat":"repeat","background-position":"center center","background-size":"auto","background-attachment":"scroll","background-type":"","background-media":"","overlay-type":"","overlay-color":"","overlay-opacity":"","overlay-gradient":""}},"ast-content-background-meta":{"desktop":{"background-color":"var(--ast-global-color-5)","background-image":"","background-repeat":"repeat","background-position":"center center","background-size":"auto","background-attachment":"scroll","background-type":"","background-media":"","overlay-type":"","overlay-color":"","overlay-opacity":"","overlay-gradient":""},"tablet":{"background-color":"var(--ast-global-color-5)","background-image":"","background-repeat":"repeat","background-position":"center center","background-size":"auto","background-attachment":"scroll","background-type":"","background-media":"","overlay-type":"","overlay-color":"","overlay-opacity":"","overlay-gradient":""},"mobile":{"background-color":"var(--ast-global-color-5)","background-image":"","background-repeat":"repeat","background-position":"center center","background-size":"auto","background-attachment":"scroll","background-type":"","background-media":"","overlay-type":"","overlay-color":"","overlay-opacity":"","overlay-gradient":""}},"footnotes":""},"class_list":["post-6511","page","type-page","status-publish","hentry"],"_links":{"self":[{"href":"https:\/\/semanatarrega.com\/en\/wp-json\/wp\/v2\/pages\/6511","targetHints":{"allow":["GET"]}}],"collection":[{"href":"https:\/\/semanatarrega.com\/en\/wp-json\/wp\/v2\/pages"}],"about":[{"href":"https:\/\/semanatarrega.com\/en\/wp-json\/wp\/v2\/types\/page"}],"author":[{"embeddable":true,"href":"https:\/\/semanatarrega.com\/en\/wp-json\/wp\/v2\/users\/1"}],"replies":[{"embeddable":true,"href":"https:\/\/semanatarrega.com\/en\/wp-json\/wp\/v2\/comments?post=6511"}],"version-history":[{"count":5,"href":"https:\/\/semanatarrega.com\/en\/wp-json\/wp\/v2\/pages\/6511\/revisions"}],"predecessor-version":[{"id":6516,"href":"https:\/\/semanatarrega.com\/en\/wp-json\/wp\/v2\/pages\/6511\/revisions\/6516"}],"wp:attachment":[{"href":"https:\/\/semanatarrega.com\/en\/wp-json\/wp\/v2\/media?parent=6511"}],"curies":[{"name":"wp","href":"https:\/\/api.w.org\/{rel}","templated":true}]}}